{"id":6563,"date":"2016-12-13T11:48:25","date_gmt":"2016-12-13T11:48:25","guid":{"rendered":"https:\/\/www.claraboia.coop\/?portfolio=setmana-de-leconomia-social-i-solidaria-a-mataro-ajuntament-de-mataro"},"modified":"2026-04-17T18:23:48","modified_gmt":"2026-04-17T18:23:48","slug":"setmana-ess-mataro","status":"publish","type":"portfolio","link":"https:\/\/www.claraboia.coop\/es\/portfolio\/setmana-ess-mataro\/","title":{"rendered":"Setmana de l&#8217;Economia Social i Solid\u00e0ria a Matar\u00f3 | Ajuntament de Matar\u00f3"},"content":{"rendered":"<div class=\"wpb-content-wrapper\"><p>[vc_row full_width=\u00bbstretch_row\u00bb el_class=\u00bb.portfolio-fons-video\u00bb][vc_column][vc_empty_space height=\u00bb200px\u00bb][vc_column_text]<\/p>\n<h2 class=\"wpb_heading wpb_video_heading\">Setmana de l&#039;Economia Social i Solid\u00e0ria a Matar\u00f3 | Ajuntament de Matar\u00f3<\/h2>\n<p>[\/vc_column_text]<br \/>\n[vc_column_text css=\u00bb\u00bb]<br \/>\n<div class=\"cb-video horizontal\" style=\"position:relative;padding-bottom:56.25%;height:0;\">\n                    <iframe\n                        src=\"https:\/\/player.vimeo.com\/video\/195322265?autoplay=0\"\n                        style=\"position:absolute;top:0;left:0;width:100%;height:100%;\"\n                        frameborder=\"0\"\n                        allowfullscreen>\n                    <\/iframe>\n                <\/div><br \/>\n[\/vc_column_text]<br \/>\n[\/vc_column][\/vc_row][vc_row full_width=\u00bbstretch_row\u00bb css=\u00bb.vc_custom_1549467766972{margin-top: 50px !important;}\u00bb][vc_column][vc_column_text]Cliente: AJUNTAMENT DE MATAR\u00d3<br \/>\nEl Ajuntament de Matar\u00f3 y la Fundaci\u00f3 Uni\u00f3 de Cooperadors de Matar\u00f3, amb la col\u00b7laboraci\u00f3 de la C\u00e0tedra de Econom\u00eda Social y Solidaria del Tecnocampus Matar\u00f3-Maresme, han organizado la Setmana de la Econom\u00eda Social y Solidaria.<br \/>\nEntre los dies 15 y 19 de noviembre de 2016, la econom\u00eda social y solidaria se presenta en sociedad a la ciudad de Matar\u00f3 luciendosus mejores galas. Un programa de actividades de diversas cuestiones tem\u00e1ticas relacionadas.<br \/>\nA destacar la Confer\u00e8ncia sobre el Bien Com\u00fan de Christian Felber, la presentaci\u00f3n y constituci\u00f3n de la Xarxa de Econom\u00eda Solidaria de Matar\u00f3 y la primera edici\u00f3n de la Fira de Econom\u00eda Social y Solidaria de la ciudad.<\/p>\n<p>M\u00e1s informaci\u00f3n: <a href=\"https:\/\/www.cooperadorsdemataro.coop\" target=\"_blank\" rel=\"noopener\">www.cooperadorsdemataro.coop<\/a>[\/vc_column_text][\/vc_column][\/vc_row]<\/p>\n<\/div>","protected":false},"excerpt":{"rendered":"<p>[vc_row full_width=\u00bbstretch_row\u00bb el_class=\u00bb.portfolio-fons-video\u00bb][vc_column][vc_empty_space height=\u00bb200px\u00bb][vc_column_text] Setmana de l&#039;Economia Social i Solid\u00e0ria a Matar\u00f3 | Ajuntament de Matar\u00f3 [\/vc_column_text] [vc_column_text css=\u00bb\u00bb] [\/vc_column_text] [\/vc_column][\/vc_row][vc_row full_width=\u00bbstretch_row\u00bb css=\u00bb.vc_custom_1549467766972{margin-top: 50px !important;}\u00bb][vc_column][vc_column_text]Cliente: AJUNTAMENT DE MATAR\u00d3 El Ajuntament de Matar\u00f3 y la Fundaci\u00f3 Uni\u00f3 de Cooperadors de Matar\u00f3, amb la col\u00b7laboraci\u00f3 de la C\u00e0tedra de Econom\u00eda Social y Solidaria del Tecnocampus Matar\u00f3-Maresme, han&hellip;<\/p>\n","protected":false},"author":1,"featured_media":7421,"comment_status":"closed","ping_status":"closed","template":"","meta":{"_acf_changed":false,"footnotes":""},"clientes":[],"portfolio_category":[205,164,167,170],"portfolio_tag":[],"class_list":["post-6563","portfolio","type-portfolio","status-publish","has-post-thumbnail","hentry","portfolio_category-aftermovie","portfolio_category-comunicacion-social","portfolio_category-entrevistas","portfolio_category-reportajes"],"acf":[],"_links":{"self":[{"href":"https:\/\/www.claraboia.coop\/es\/wp-json\/wp\/v2\/portfolio\/6563","targetHints":{"allow":["GET"]}}],"collection":[{"href":"https:\/\/www.claraboia.coop\/es\/wp-json\/wp\/v2\/portfolio"}],"about":[{"href":"https:\/\/www.claraboia.coop\/es\/wp-json\/wp\/v2\/types\/portfolio"}],"author":[{"embeddable":true,"href":"https:\/\/www.claraboia.coop\/es\/wp-json\/wp\/v2\/users\/1"}],"replies":[{"embeddable":true,"href":"https:\/\/www.claraboia.coop\/es\/wp-json\/wp\/v2\/comments?post=6563"}],"version-history":[{"count":1,"href":"https:\/\/www.claraboia.coop\/es\/wp-json\/wp\/v2\/portfolio\/6563\/revisions"}],"predecessor-version":[{"id":11161,"href":"https:\/\/www.claraboia.coop\/es\/wp-json\/wp\/v2\/portfolio\/6563\/revisions\/11161"}],"wp:featuredmedia":[{"embeddable":true,"href":"https:\/\/www.claraboia.coop\/es\/wp-json\/wp\/v2\/media\/7421"}],"wp:attachment":[{"href":"https:\/\/www.claraboia.coop\/es\/wp-json\/wp\/v2\/media?parent=6563"}],"wp:term":[{"taxonomy":"clientes","embeddable":true,"href":"https:\/\/www.claraboia.coop\/es\/wp-json\/wp\/v2\/clientes?post=6563"},{"taxonomy":"portfolio_category","embeddable":true,"href":"https:\/\/www.claraboia.coop\/es\/wp-json\/wp\/v2\/portfolio_category?post=6563"},{"taxonomy":"portfolio_tag","embeddable":true,"href":"https:\/\/www.claraboia.coop\/es\/wp-json\/wp\/v2\/portfolio_tag?post=6563"}],"curies":[{"name":"wp","href":"https:\/\/api.w.org\/{rel}","templated":true}]}}