{"id":6588,"date":"2017-12-13T12:14:56","date_gmt":"2017-12-13T12:14:56","guid":{"rendered":"https:\/\/www.claraboia.coop\/?portfolio=governanca-democratica-la-confederacio"},"modified":"2026-04-17T18:23:47","modified_gmt":"2026-04-17T18:23:47","slug":"governanca-democratica-la-confederacio","status":"publish","type":"portfolio","link":"https:\/\/www.claraboia.coop\/es\/portfolio\/governanca-democratica-la-confederacio\/","title":{"rendered":"Gobernanza democr\u00e1tica | La Confederaci\u00f3"},"content":{"rendered":"<div class=\"wpb-content-wrapper\"><p>[vc_row full_width=\u00bbstretch_row\u00bb el_class=\u00bb.portfolio-fons-video\u00bb][vc_column][vc_empty_space height=\u00bb200px\u00bb][vc_column_text]<\/p>\n<h2 class=\"wpb_heading wpb_video_heading\">Gobernanza democr\u00e1tica | La Confederaci\u00f3<\/h2>\n<p>[\/vc_column_text]<br \/>\n[vc_column_text css=\u00bb\u00bb]<br \/>\n<div class=\"cb-video horizontal\" style=\"position:relative;padding-bottom:56.25%;height:0;\">\n                    <iframe\n                        src=\"https:\/\/player.vimeo.com\/video\/232513145?autoplay=0\"\n                        style=\"position:absolute;top:0;left:0;width:100%;height:100%;\"\n                        frameborder=\"0\"\n                        allowfullscreen>\n                    <\/iframe>\n                <\/div><br \/>\n[\/vc_column_text]<br \/>\n[\/vc_column][\/vc_row][vc_row][vc_column][vc_column_text]Cliente: L&#8217;AP\u00d2STROF, SCCL<br \/>\nPara: LA CONFERACI\u00d3 DE ENTIDADES DEL TERCER SECTOR DE CATALU\u00d1A<\/p>\n<p>La Confederaci\u00f3n de entidades del Tercer Sector de Catalunya, con el apoyo de la Direcci\u00f3n General de Econom\u00eda Social, el Tercer Sector, las Cooperativas y el Autoempresa, del Departamento de Trabajo, Asuntos Sociales y Familias &#8211; Generalitat de Catalunya ha llevado a cabo un programa para fortalecer el sector no lucrativo de servicios sociales y de atenci\u00f3n a las personas a trav\u00e9s de la promoci\u00f3n de modelos de gobernanza democr\u00e1tica.<\/p>\n<p>En este v\u00eddeo se recoge los testimonios de los participantes en esta prueba piloto de acompa\u00f1amiento, sistematizaci\u00f3n y refuerzo de los procesos de participaci\u00f3n interna y gesti\u00f3n democr\u00e1tica a las entidades del Tercer Sector Social de Catalu\u00f1a.<\/p>\n<p><a href=\"https:\/\/www.laconfederacio.org\" target=\"_blank\" rel=\"noopener\">M\u00e1s informaci\u00f3n<\/a>[\/vc_column_text][\/vc_column][\/vc_row]<\/p>\n<\/div>","protected":false},"excerpt":{"rendered":"<p>[vc_row full_width=\u00bbstretch_row\u00bb el_class=\u00bb.portfolio-fons-video\u00bb][vc_column][vc_empty_space height=\u00bb200px\u00bb][vc_column_text] Gobernanza democr\u00e1tica | La Confederaci\u00f3 [\/vc_column_text] [vc_column_text css=\u00bb\u00bb] [\/vc_column_text] [\/vc_column][\/vc_row][vc_row][vc_column][vc_column_text]Cliente: L&#8217;AP\u00d2STROF, SCCL Para: LA CONFERACI\u00d3 DE ENTIDADES DEL TERCER SECTOR DE CATALU\u00d1A La Confederaci\u00f3n de entidades del Tercer Sector de Catalunya, con el apoyo de la Direcci\u00f3n General de Econom\u00eda Social, el Tercer Sector, las Cooperativas y el Autoempresa, del Departamento&hellip;<\/p>\n","protected":false},"author":1,"featured_media":7089,"comment_status":"closed","ping_status":"open","template":"","meta":{"_acf_changed":false,"footnotes":""},"clientes":[],"portfolio_category":[164,167,170],"portfolio_tag":[],"class_list":["post-6588","portfolio","type-portfolio","status-publish","has-post-thumbnail","hentry","portfolio_category-comunicacion-social","portfolio_category-entrevistas","portfolio_category-reportajes"],"acf":[],"_links":{"self":[{"href":"https:\/\/www.claraboia.coop\/es\/wp-json\/wp\/v2\/portfolio\/6588","targetHints":{"allow":["GET"]}}],"collection":[{"href":"https:\/\/www.claraboia.coop\/es\/wp-json\/wp\/v2\/portfolio"}],"about":[{"href":"https:\/\/www.claraboia.coop\/es\/wp-json\/wp\/v2\/types\/portfolio"}],"author":[{"embeddable":true,"href":"https:\/\/www.claraboia.coop\/es\/wp-json\/wp\/v2\/users\/1"}],"replies":[{"embeddable":true,"href":"https:\/\/www.claraboia.coop\/es\/wp-json\/wp\/v2\/comments?post=6588"}],"version-history":[{"count":1,"href":"https:\/\/www.claraboia.coop\/es\/wp-json\/wp\/v2\/portfolio\/6588\/revisions"}],"predecessor-version":[{"id":11136,"href":"https:\/\/www.claraboia.coop\/es\/wp-json\/wp\/v2\/portfolio\/6588\/revisions\/11136"}],"wp:featuredmedia":[{"embeddable":true,"href":"https:\/\/www.claraboia.coop\/es\/wp-json\/wp\/v2\/media\/7089"}],"wp:attachment":[{"href":"https:\/\/www.claraboia.coop\/es\/wp-json\/wp\/v2\/media?parent=6588"}],"wp:term":[{"taxonomy":"clientes","embeddable":true,"href":"https:\/\/www.claraboia.coop\/es\/wp-json\/wp\/v2\/clientes?post=6588"},{"taxonomy":"portfolio_category","embeddable":true,"href":"https:\/\/www.claraboia.coop\/es\/wp-json\/wp\/v2\/portfolio_category?post=6588"},{"taxonomy":"portfolio_tag","embeddable":true,"href":"https:\/\/www.claraboia.coop\/es\/wp-json\/wp\/v2\/portfolio_tag?post=6588"}],"curies":[{"name":"wp","href":"https:\/\/api.w.org\/{rel}","templated":true}]}}